{"id":43224,"date":"2025-11-13T08:24:34","date_gmt":"2025-11-13T13:24:34","guid":{"rendered":"https:\/\/adfairways.net\/?page_id=43224"},"modified":"2025-11-13T09:03:32","modified_gmt":"2025-11-13T14:03:32","slug":"medellin-conviertete-piloto-comercial","status":"publish","type":"page","link":"https:\/\/adfairways.net\/es\/medellin-conviertete-piloto-comercial\/","title":{"rendered":"Charla Presencial en Medell\u00edn \u2013 Convi\u00e9rtete en Piloto Comercial"},"content":{"rendered":"\t\t<div data-elementor-type=\"wp-post\" data-elementor-id=\"43224\" class=\"elementor elementor-43224\" data-elementor-post-type=\"page\">\n\t\t\t\t\t\t<section class=\"elementor-section elementor-top-section elementor-element elementor-element-e67ddd3 elementor-section-boxed elementor-section-height-default elementor-section-height-default\" data-id=\"e67ddd3\" data-element_type=\"section\" data-e-type=\"section\">\n\t\t\t\t\t\t<div class=\"elementor-container elementor-column-gap-default\">\n\t\t\t\t\t<div class=\"elementor-column elementor-col-100 elementor-top-column elementor-element elementor-element-f8523be top column-style-top\" data-id=\"f8523be\" data-element_type=\"column\" data-e-type=\"column\">\n\t\t\t<div class=\"elementor-widget-wrap elementor-element-populated\">\n\t\t\t\t\t\t<div class=\"elementor-element elementor-element-27fdb78 elementor-widget elementor-widget-heading\" data-id=\"27fdb78\" data-element_type=\"widget\" data-e-type=\"widget\" data-widget_type=\"heading.default\">\n\t\t\t\t<div class=\"elementor-widget-container\">\n\t\t\t\t\t<h4 class=\"elementor-heading-title elementor-size-default\">Tu primer paso para alcanzar el sue\u00f1o de volar!<\/h4>\t\t\t\t<\/div>\n\t\t\t\t<\/div>\n\t\t\t\t<div class=\"elementor-element elementor-element-dd956f3 elementor-widget elementor-widget-heading\" data-id=\"dd956f3\" data-element_type=\"widget\" data-e-type=\"widget\" data-widget_type=\"heading.default\">\n\t\t\t\t<div class=\"elementor-widget-container\">\n\t\t\t\t\t<h2 class=\"elementor-heading-title elementor-size-default\">\ud83c\udf0d\u2708\ufe0f Aterrizamos en Medell\u00edn, Colombia<\/h2>\t\t\t\t<\/div>\n\t\t\t\t<\/div>\n\t\t\t\t<div class=\"elementor-element elementor-element-347ffc0 elementor-widget elementor-widget-text-editor\" data-id=\"347ffc0\" data-element_type=\"widget\" data-e-type=\"widget\" data-widget_type=\"text-editor.default\">\n\t\t\t\t<div class=\"elementor-widget-container\">\n\t\t\t\t\t\t\t\t\t<h3 style=\"text-align: center;\" data-start=\"217\" data-end=\"272\">\ud83d\udccd Charla Presencial \u2013 Diciembre 13 \u2013 10:00 a.m.<\/h3><p data-start=\"458\" data-end=\"717\"><strong data-start=\"458\" data-end=\"479\">ADF Flight School<\/strong>, con m\u00e1s de <strong data-start=\"492\" data-end=\"564\">40 a\u00f1os de experiencia formando pilotos comerciales en todo el mundo<\/strong>, llega a <strong data-start=\"574\" data-end=\"587\">Medell\u00edn<\/strong> para una <strong data-start=\"597\" data-end=\"628\">charla presencial exclusiva<\/strong> donde conocer\u00e1s todo lo necesario para <strong data-start=\"668\" data-end=\"716\">convertirte en piloto de aerol\u00ednea comercial<\/strong>.<\/p><p data-start=\"719\" data-end=\"872\">\u00a0<\/p>\t\t\t\t\t\t\t\t<\/div>\n\t\t\t\t<\/div>\n\t\t\t\t\t<\/div>\n\t\t<\/div>\n\t\t\t\t\t<\/div>\n\t\t<\/section>\n\t\t\t\t<section class=\"elementor-section elementor-top-section elementor-element elementor-element-256f0f1 elementor-section-boxed elementor-section-height-default elementor-section-height-default\" data-id=\"256f0f1\" data-element_type=\"section\" data-e-type=\"section\">\n\t\t\t\t\t\t<div class=\"elementor-container elementor-column-gap-default\">\n\t\t\t\t\t<div class=\"elementor-column elementor-col-100 elementor-top-column elementor-element elementor-element-819b8c2 top column-style-top\" data-id=\"819b8c2\" data-element_type=\"column\" data-e-type=\"column\">\n\t\t\t<div class=\"elementor-widget-wrap elementor-element-populated\">\n\t\t\t\t\t\t<div class=\"elementor-element elementor-element-664ae18 elementor-widget elementor-widget-image\" data-id=\"664ae18\" data-element_type=\"widget\" data-e-type=\"widget\" data-widget_type=\"image.default\">\n\t\t\t\t<div class=\"elementor-widget-container\">\n\t\t\t\t\t\t\t\t\t\t\t\t\t\t\t<img fetchpriority=\"high\" decoding=\"async\" width=\"1680\" height=\"561\" src=\"https:\/\/adfairways.net\/wp-content\/uploads\/2025\/11\/Medellin-1680x561-1.jpg\" class=\"attachment-full size-full wp-image-43228\" alt=\"\" srcset=\"https:\/\/adfairways.net\/wp-content\/uploads\/2025\/11\/Medellin-1680x561-1.jpg 1680w, https:\/\/adfairways.net\/wp-content\/uploads\/2025\/11\/Medellin-1680x561-1-1024x342.jpg 1024w, https:\/\/adfairways.net\/wp-content\/uploads\/2025\/11\/Medellin-1680x561-1-768x256.jpg 768w, https:\/\/adfairways.net\/wp-content\/uploads\/2025\/11\/Medellin-1680x561-1-1320x441.jpg 1320w\" sizes=\"(max-width: 1680px) 100vw, 1680px\" \/>\t\t\t\t\t\t\t\t\t\t\t\t\t\t\t<\/div>\n\t\t\t\t<\/div>\n\t\t\t\t<div class=\"elementor-element elementor-element-ee626b3 elementor-widget elementor-widget-heading\" data-id=\"ee626b3\" data-element_type=\"widget\" data-e-type=\"widget\" data-widget_type=\"heading.default\">\n\t\t\t\t<div class=\"elementor-widget-container\">\n\t\t\t\t\t<h2 class=\"elementor-heading-title elementor-size-default\"> \ud83d\udeeb Estudia aviaci\u00f3n en Miami, Florida\u2708\ufe0f<\/h2>\t\t\t\t<\/div>\n\t\t\t\t<\/div>\n\t\t\t\t<div class=\"elementor-element elementor-element-da352f4 elementor-widget elementor-widget-text-editor\" data-id=\"da352f4\" data-element_type=\"widget\" data-e-type=\"widget\" data-widget_type=\"text-editor.default\">\n\t\t\t\t<div class=\"elementor-widget-container\">\n\t\t\t\t\t\t\t\t\t<p class=\"\" style=\"text-align: center;\" data-start=\"566\" data-end=\"765\"><b>ADF Flight School<\/b> est\u00e1 ubicada en <strong data-start=\"956\" data-end=\"983\">Miami Executive Airport<\/strong>, uno de los lugares m\u00e1s privilegiados del mundo para la formaci\u00f3n de pilotos.<br data-start=\"1061\" data-end=\"1064\" \/><i>Aqu\u00ed despegan los sue\u00f1os de cientos de estudiantes internacionales que hoy vuelan en aerol\u00edneas comerciales alrededor del planeta.<\/i><\/p>\t\t\t\t\t\t\t\t<\/div>\n\t\t\t\t<\/div>\n\t\t\t\t\t<\/div>\n\t\t<\/div>\n\t\t\t\t\t<\/div>\n\t\t<\/section>\n\t\t\t\t<section class=\"elementor-section elementor-top-section elementor-element elementor-element-eaffbe7 elementor-section-boxed elementor-section-height-default elementor-section-height-default\" data-id=\"eaffbe7\" data-element_type=\"section\" data-e-type=\"section\">\n\t\t\t\t\t\t<div class=\"elementor-container elementor-column-gap-default\">\n\t\t\t\t\t<div class=\"elementor-column elementor-col-50 elementor-top-column elementor-element elementor-element-a654b6f top column-style-top\" data-id=\"a654b6f\" data-element_type=\"column\" data-e-type=\"column\">\n\t\t\t<div class=\"elementor-widget-wrap elementor-element-populated\">\n\t\t\t\t\t\t<div class=\"elementor-element elementor-element-e90556a elementor-widget elementor-widget-heading\" data-id=\"e90556a\" data-element_type=\"widget\" data-e-type=\"widget\" data-widget_type=\"heading.default\">\n\t\t\t\t<div class=\"elementor-widget-container\">\n\t\t\t\t\t<h4 class=\"elementor-heading-title elementor-size-default\">\ud83d\udc68\u200d\u2708\ufe0f \u00bfQu\u00e9 aprender\u00e1s en esta charla gratuita?<\/h4>\t\t\t\t<\/div>\n\t\t\t\t<\/div>\n\t\t\t\t<div class=\"elementor-element elementor-element-774be0f elementor-widget elementor-widget-text-editor\" data-id=\"774be0f\" data-element_type=\"widget\" data-e-type=\"widget\" data-widget_type=\"text-editor.default\">\n\t\t\t\t<div class=\"elementor-widget-container\">\n\t\t\t\t\t\t\t\t\t<p class=\"\" data-start=\"1214\" data-end=\"1461\">Esta no es una videollamada ni una grabaci\u00f3n. Es una oportunidad para hablar directamente con nuestro equipo y resolver todas tus dudas cara a cara.\u00a0<\/p>\t\t\t\t\t\t\t\t<\/div>\n\t\t\t\t<\/div>\n\t\t\t\t<div class=\"elementor-element elementor-element-47d8663 elementor-widget elementor-widget-text-editor\" data-id=\"47d8663\" data-element_type=\"widget\" data-e-type=\"widget\" data-widget_type=\"text-editor.default\">\n\t\t\t\t<div class=\"elementor-widget-container\">\n\t\t\t\t\t\t\t\t\t<p data-start=\"1227\" data-end=\"1297\">\ud83e\udded Los pasos para <strong data-start=\"1245\" data-end=\"1294\">convertirte en piloto comercial internacional<\/strong>.<\/p><p data-start=\"1300\" data-end=\"1364\">\ud83d\udcb0 Opciones de <strong data-start=\"1315\" data-end=\"1361\">financiaci\u00f3n y planes de estudio flexibles<\/strong>.<\/p><p data-start=\"1367\" data-end=\"1426\">\ud83c\udf0e Beneficios de estudiar aviaci\u00f3n en <strong data-start=\"1405\" data-end=\"1423\">Estados Unidos<\/strong>.<\/p><p data-start=\"1429\" data-end=\"1501\">\ud83c\udf93 Programas certificados con altos est\u00e1ndares de calidad y seguridad.<\/p>\t\t\t\t\t\t\t\t<\/div>\n\t\t\t\t<\/div>\n\t\t\t\t\t<\/div>\n\t\t<\/div>\n\t\t\t\t<div class=\"elementor-column elementor-col-50 elementor-top-column elementor-element elementor-element-56142a9 top column-style-top\" data-id=\"56142a9\" data-element_type=\"column\" data-e-type=\"column\">\n\t\t\t<div class=\"elementor-widget-wrap elementor-element-populated\">\n\t\t\t\t\t\t<div class=\"elementor-element elementor-element-4bf9694 elementor-widget elementor-widget-text-editor\" data-id=\"4bf9694\" data-element_type=\"widget\" data-e-type=\"widget\" data-widget_type=\"text-editor.default\">\n\t\t\t\t<div class=\"elementor-widget-container\">\n\t\t\t\t\t\t\t\t\t<h3 data-start=\"960\" data-end=\"1008\">\ud83c\udf9f\ufe0f Cupos limitados \u2013 Registro obligatorio<\/h3><p data-start=\"1009\" data-end=\"1129\">Completa el formulario de inscripci\u00f3n para apartar tu lugar y recibir los detalles de la ubicaci\u00f3n.<\/p>\t\t\t\t\t\t\t\t<\/div>\n\t\t\t\t<\/div>\n\t\t\t\t<div class=\"elementor-element elementor-element-9882e89 elementor-widget elementor-widget-heading\" data-id=\"9882e89\" data-element_type=\"widget\" data-e-type=\"widget\" data-widget_type=\"heading.default\">\n\t\t\t\t<div class=\"elementor-widget-container\">\n\t\t\t\t\t<h2 class=\"elementor-heading-title elementor-size-default\">\ud83d\udcdd Reserva tu lugar<\/h2>\t\t\t\t<\/div>\n\t\t\t\t<\/div>\n\t\t\t\t<div class=\"elementor-element elementor-element-756d7ce elementor-widget elementor-widget-html\" data-id=\"756d7ce\" data-element_type=\"widget\" data-e-type=\"widget\" data-widget_type=\"html.default\">\n\t\t\t\t<div class=\"elementor-widget-container\">\n\t\t\t\t\t<script type=\"text\/javascript\" src=\"https:\/\/api.clientify.net\/web-marketing\/superforms\/script\/265352.js\"><\/script>\t\t\t\t<\/div>\n\t\t\t\t<\/div>\n\t\t\t\t\t<\/div>\n\t\t<\/div>\n\t\t\t\t\t<\/div>\n\t\t<\/section>\n\t\t<div class=\"elementor-element elementor-element-a44dd15 e-flex e-con-boxed e-con e-parent\" data-id=\"a44dd15\" data-element_type=\"container\" data-e-type=\"container\">\n\t\t\t\t\t<div class=\"e-con-inner\">\n\t\t<div class=\"elementor-element elementor-element-853ed99 e-con-full e-flex e-con e-child\" data-id=\"853ed99\" data-element_type=\"container\" data-e-type=\"container\">\n\t\t\t\t<div class=\"elementor-element elementor-element-fe3a26e elementor-widget elementor-widget-heading\" data-id=\"fe3a26e\" data-element_type=\"widget\" data-e-type=\"widget\" data-widget_type=\"heading.default\">\n\t\t\t\t<div class=\"elementor-widget-container\">\n\t\t\t\t\t<h2 class=\"elementor-heading-title elementor-size-default\">\ud83d\udcc5 Detalles del evento<\/h2>\t\t\t\t<\/div>\n\t\t\t\t<\/div>\n\t\t\t\t<div class=\"elementor-element elementor-element-5c42603 elementor-widget elementor-widget-text-editor\" data-id=\"5c42603\" data-element_type=\"widget\" data-e-type=\"widget\" data-widget_type=\"text-editor.default\">\n\t\t\t\t<div class=\"elementor-widget-container\">\n\t\t\t\t\t\t\t\t\t<p class=\"\" data-start=\"1136\" data-end=\"1171\">\ud83d\udccd <strong data-start=\"722\" data-end=\"732\">Lugar:<\/strong> Medell\u00edn, Colombia<\/p><p class=\"\" data-start=\"1136\" data-end=\"1171\">\ud83d\udcc5 <strong data-start=\"757\" data-end=\"767\">Fecha:<\/strong> Viernes, 13 de diciembre<\/p><p class=\"\" data-start=\"1136\" data-end=\"1171\">\ud83d\udd59 <strong data-start=\"798\" data-end=\"807\">Hora:<\/strong> 10:00 a.m.<\/p><p class=\"\" data-start=\"1136\" data-end=\"1171\"><img decoding=\"async\" class=\"emoji\" role=\"img\" draggable=\"false\" src=\"https:\/\/s.w.org\/images\/core\/emoji\/16.0.1\/svg\/1f3e2.svg\" alt=\"\ud83c\udfe2\" \/> <strong data-start=\"1177\" data-end=\"1187\">Lugar:<\/strong> <em data-start=\"1188\" data-end=\"1201\">Por definir<\/em> (te enviaremos la direcci\u00f3n exacta al registrarte)<\/p><p data-start=\"1136\" data-end=\"1171\">\u26a0\ufe0f <strong data-start=\"824\" data-end=\"872\">Cupos limitados \u2013 reserva tu asistencia hoy.<\/strong><\/p><p class=\"\" data-start=\"1257\" data-end=\"1295\"><img decoding=\"async\" class=\"emoji\" role=\"img\" draggable=\"false\" src=\"https:\/\/s.w.org\/images\/core\/emoji\/16.0.1\/svg\/1f9d1-200d-2708-fe0f.svg\" alt=\"\ud83e\uddd1\u200d\u2708\ufe0f\" \/> <strong data-start=\"1263\" data-end=\"1277\">Modalidad:<\/strong> 100% presencial<\/p><p class=\"\" data-start=\"1298\" data-end=\"1355\"><img decoding=\"async\" class=\"emoji\" role=\"img\" draggable=\"false\" src=\"https:\/\/s.w.org\/images\/core\/emoji\/16.0.1\/svg\/1f39f.svg\" alt=\"\ud83c\udf9f\" \/> <strong data-start=\"1301\" data-end=\"1313\">Entrada:<\/strong> Gratuita (\u00a1pero los cupos son limitados!)<\/p>\t\t\t\t\t\t\t\t<\/div>\n\t\t\t\t<\/div>\n\t\t\t\t<\/div>\n\t\t<div class=\"elementor-element elementor-element-bf5dcb3 e-con-full e-flex e-con e-child\" data-id=\"bf5dcb3\" data-element_type=\"container\" data-e-type=\"container\">\n\t\t\t\t<div class=\"elementor-element elementor-element-9c5e479 elementor-widget elementor-widget-heading\" data-id=\"9c5e479\" data-element_type=\"widget\" data-e-type=\"widget\" data-widget_type=\"heading.default\">\n\t\t\t\t<div class=\"elementor-widget-container\">\n\t\t\t\t\t<h2 class=\"elementor-heading-title elementor-size-default\">\ud83d\udc68\u200d\u2708\ufe0f \u00bfPor qu\u00e9 elegir ADF Flight School?<\/h2>\t\t\t\t<\/div>\n\t\t\t\t<\/div>\n\t\t\t\t<div class=\"elementor-element elementor-element-a149a0f elementor-widget elementor-widget-text-editor\" data-id=\"a149a0f\" data-element_type=\"widget\" data-e-type=\"widget\" data-widget_type=\"text-editor.default\">\n\t\t\t\t<div class=\"elementor-widget-container\">\n\t\t\t\t\t\t\t\t\t<ul><li>M\u00e1s de <strong data-start=\"1562\" data-end=\"1614\">40 a\u00f1os de trayectoria en formaci\u00f3n aeron\u00e1utica.<\/strong><\/li><li data-start=\"1619\" data-end=\"1690\"><strong data-start=\"1619\" data-end=\"1657\">Instructores altamente calificados<\/strong> con experiencia en aerol\u00edneas.<\/li><li data-start=\"1693\" data-end=\"1768\"><strong data-start=\"1693\" data-end=\"1729\">Simuladores de \u00faltima generaci\u00f3n<\/strong> y entrenamiento en aeronaves reales.<\/li><li data-start=\"1771\" data-end=\"1848\">Comunidad internacional de <strong data-start=\"1798\" data-end=\"1846\">estudiantes de Latinoam\u00e9rica, Europa y Asia.<\/strong><\/li><li data-start=\"1851\" data-end=\"1921\">Asesor\u00eda personalizada durante todo el proceso de aplicaci\u00f3n y visa.<\/li><\/ul>\t\t\t\t\t\t\t\t<\/div>\n\t\t\t\t<\/div>\n\t\t\t\t<\/div>\n\t\t\t\t\t<\/div>\n\t\t\t\t<\/div>\n\t\t<div class=\"elementor-element elementor-element-5410107 e-flex e-con-boxed e-con e-parent\" data-id=\"5410107\" data-element_type=\"container\" data-e-type=\"container\">\n\t\t\t\t\t<div class=\"e-con-inner\">\n\t\t\t\t<div class=\"elementor-element elementor-element-c150878 elementor-widget elementor-widget-heading\" data-id=\"c150878\" data-element_type=\"widget\" data-e-type=\"widget\" data-widget_type=\"heading.default\">\n\t\t\t\t<div class=\"elementor-widget-container\">\n\t\t\t\t\t<h2 class=\"elementor-heading-title elementor-size-default\">Piloto Comercial en ADF Flight School:<\/h2>\t\t\t\t<\/div>\n\t\t\t\t<\/div>\n\t\t\t\t<div class=\"elementor-element elementor-element-68a08fc elementor-widget elementor-widget-text-editor\" data-id=\"68a08fc\" data-element_type=\"widget\" data-e-type=\"widget\" data-widget_type=\"text-editor.default\">\n\t\t\t\t<div class=\"elementor-widget-container\">\n\t\t\t\t\t\t\t\t\t<p data-start=\"1398\" data-end=\"1655\">Conoce c\u00f3mo convertirte en piloto comercial internacional. <strong>ADF Flight School<\/strong> llega a Medell\u00edn el 13 de diciembre. Cupos limitados. \u00a1Reg\u00edstrate gratis!<\/p>\t\t\t\t\t\t\t\t<\/div>\n\t\t\t\t<\/div>\n\t\t\t\t\t<\/div>\n\t\t\t\t<\/div>\n\t\t\t\t<\/div>\n\t\t","protected":false},"excerpt":{"rendered":"<p>Tu primer paso para alcanzar el sue\u00f1o de volar! \ud83c\udf0d\u2708\ufe0f Aterrizamos en Medell\u00edn, Colombia \ud83d\udccd Charla Presencial \u2013 Diciembre 13 \u2013 10:00 a.m. ADF Flight School, con m\u00e1s de 40 a\u00f1os de experiencia formando pilotos comerciales en todo el mundo, llega a Medell\u00edn para una charla presencial exclusiva donde conocer\u00e1s todo lo necesario para convertirte [&hellip;]<\/p>\n","protected":false},"author":1,"featured_media":43225,"parent":0,"menu_order":0,"comment_status":"closed","ping_status":"closed","template":"","meta":{"footnotes":""},"class_list":["post-43224","page","type-page","status-publish","has-post-thumbnail","hentry"],"jetpack-related-posts":[{"id":42962,"url":"https:\/\/adfairways.net\/es\/conviertete-en-piloto-comercial-charla-presencial-lima\/","url_meta":{"origin":43224,"position":0},"title":"Convi\u00e9rtete en Piloto Comercial &#8211; Charla Presencial Lima","author":"adfschool","date":"septiembre 11, 2025","format":false,"excerpt":"\u2708\ufe0f Charla Presencial en Lima \u2013 Convi\u00e9rtete en Piloto Comercial en EE. UU. \ud83c\udf0d \u00bfVives en Lima y sue\u00f1as con ser piloto comercial y trabajar en aerol\u00edneas internacionales? Esta es tu oportunidad de dar el primer paso hacia tu futuro profesional en la aviaci\u00f3n. ADF Flight School, escuela de aviaci\u00f3n\u2026","rel":"","context":"Entrada similar","block_context":{"text":"Entrada similar","link":""},"img":{"alt_text":"","src":"https:\/\/i0.wp.com\/adfairways.net\/wp-content\/uploads\/2025\/09\/Lima-1080x1080-2.jpg?resize=350%2C200&ssl=1","width":350,"height":200,"srcset":"https:\/\/i0.wp.com\/adfairways.net\/wp-content\/uploads\/2025\/09\/Lima-1080x1080-2.jpg?resize=350%2C200&ssl=1 1x, https:\/\/i0.wp.com\/adfairways.net\/wp-content\/uploads\/2025\/09\/Lima-1080x1080-2.jpg?resize=525%2C300&ssl=1 1.5x, https:\/\/i0.wp.com\/adfairways.net\/wp-content\/uploads\/2025\/09\/Lima-1080x1080-2.jpg?resize=700%2C400&ssl=1 2x, https:\/\/i0.wp.com\/adfairways.net\/wp-content\/uploads\/2025\/09\/Lima-1080x1080-2.jpg?resize=1050%2C600&ssl=1 3x"},"classes":[]},{"id":43665,"url":"https:\/\/adfairways.net\/es\/charla-presencial-en-cuenca\/","url_meta":{"origin":43224,"position":1},"title":"Charla presencial en Cuenca | Formaci\u00f3n de pilotos","author":"adfschool","date":"febrero 25, 2026","format":false,"excerpt":"\u00bfSue\u00f1as con ser piloto comercial y trabajar en aerol\u00edneas internacionales? Charla presencial en Cuenca, Ecuador \u2014 21 de marzo, 10:00 a.m. Charla presencial gratuita \u2014 \u00a1Cupo limitado!ADF Flight School invita a estudiantes y personas interesadas en la aviaci\u00f3n a una charla presencial en Cuenca, Azuay, Ecuador. En esta sesi\u00f3n conocer\u00e1\u2026","rel":"","context":"Entrada similar","block_context":{"text":"Entrada similar","link":""},"img":{"alt_text":"","src":"https:\/\/i0.wp.com\/adfairways.net\/wp-content\/uploads\/2026\/02\/Cuenca-Ecuador-1080x1080-1.jpg?resize=350%2C200&ssl=1","width":350,"height":200,"srcset":"https:\/\/i0.wp.com\/adfairways.net\/wp-content\/uploads\/2026\/02\/Cuenca-Ecuador-1080x1080-1.jpg?resize=350%2C200&ssl=1 1x, https:\/\/i0.wp.com\/adfairways.net\/wp-content\/uploads\/2026\/02\/Cuenca-Ecuador-1080x1080-1.jpg?resize=525%2C300&ssl=1 1.5x, https:\/\/i0.wp.com\/adfairways.net\/wp-content\/uploads\/2026\/02\/Cuenca-Ecuador-1080x1080-1.jpg?resize=700%2C400&ssl=1 2x, https:\/\/i0.wp.com\/adfairways.net\/wp-content\/uploads\/2026\/02\/Cuenca-Ecuador-1080x1080-1.jpg?resize=1050%2C600&ssl=1 3x"},"classes":[]},{"id":43067,"url":"https:\/\/adfairways.net\/es\/charla-presencial-bogota-conviertete-piloto-comercial\/","url_meta":{"origin":43224,"position":2},"title":"Charla Presencial en Bogot\u00e1 \u2013 Convi\u00e9rtete en Piloto Comercial","author":"adfschool","date":"octubre 2, 2025","format":false,"excerpt":"\ud83c\udf0d \u00bfSue\u00f1as con ser piloto comercial y trabajar en aerol\u00edneas internacionales? \ud83d\udeeb Convierte tu pasi\u00f3n en profesi\u00f3n: Inicia tu formaci\u00f3n como piloto comercial con nosotros. \ud83d\udccd Charla Presencial \u2013 Octubre 25 \u2013 11:00 a.m.Esta es tu oportunidad de dar el primer paso. ADF Flight School, escuela de aviaci\u00f3n ubicada en\u2026","rel":"","context":"Entrada similar","block_context":{"text":"Entrada similar","link":""},"img":{"alt_text":"","src":"https:\/\/i0.wp.com\/adfairways.net\/wp-content\/uploads\/2025\/10\/Bogota-1080x1080-1.jpg?resize=350%2C200&ssl=1","width":350,"height":200,"srcset":"https:\/\/i0.wp.com\/adfairways.net\/wp-content\/uploads\/2025\/10\/Bogota-1080x1080-1.jpg?resize=350%2C200&ssl=1 1x, https:\/\/i0.wp.com\/adfairways.net\/wp-content\/uploads\/2025\/10\/Bogota-1080x1080-1.jpg?resize=525%2C300&ssl=1 1.5x, https:\/\/i0.wp.com\/adfairways.net\/wp-content\/uploads\/2025\/10\/Bogota-1080x1080-1.jpg?resize=700%2C400&ssl=1 2x, https:\/\/i0.wp.com\/adfairways.net\/wp-content\/uploads\/2025\/10\/Bogota-1080x1080-1.jpg?resize=1050%2C600&ssl=1 3x"},"classes":[]},{"id":42653,"url":"https:\/\/adfairways.net\/es\/piloto-comercial-bucaramanga\/","url_meta":{"origin":43224,"position":3},"title":"Piloto Charla presencial Bucaramanga Colombia","author":"adfschool","date":"agosto 16, 2025","format":false,"excerpt":"\u2708\ufe0f \u00a1ATERRIZAMOS EN BUCARAMANGA! \ud83d\udeeb Convierte tu pasi\u00f3n en profesi\u00f3n: Inicia tu formaci\u00f3n como piloto comercial con nosotros. \ud83d\udccd Charla Presencial \u2013 Septiembre 13 \u2013 11:00 a.m.\u00bfSue\u00f1as con ser piloto comercial y volar en aerol\u00edneas internacionales? \ud83c\udf0dAhora tu oportunidad est\u00e1 m\u00e1s cerca que nunca. ADF Flight School, la escuela de\u2026","rel":"","context":"Entrada similar","block_context":{"text":"Entrada similar","link":""},"img":{"alt_text":"","src":"https:\/\/i0.wp.com\/adfairways.net\/wp-content\/uploads\/2025\/08\/Bucaramanga-1080x1080-1.jpg?resize=350%2C200&ssl=1","width":350,"height":200,"srcset":"https:\/\/i0.wp.com\/adfairways.net\/wp-content\/uploads\/2025\/08\/Bucaramanga-1080x1080-1.jpg?resize=350%2C200&ssl=1 1x, https:\/\/i0.wp.com\/adfairways.net\/wp-content\/uploads\/2025\/08\/Bucaramanga-1080x1080-1.jpg?resize=525%2C300&ssl=1 1.5x, https:\/\/i0.wp.com\/adfairways.net\/wp-content\/uploads\/2025\/08\/Bucaramanga-1080x1080-1.jpg?resize=700%2C400&ssl=1 2x, https:\/\/i0.wp.com\/adfairways.net\/wp-content\/uploads\/2025\/08\/Bucaramanga-1080x1080-1.jpg?resize=1050%2C600&ssl=1 3x"},"classes":[]},{"id":43123,"url":"https:\/\/adfairways.net\/es\/guayaquil-conviertete-en-piloto-comercial\/","url_meta":{"origin":43224,"position":4},"title":"Charla Presencial en Guayaquil \u2013 Convi\u00e9rtete en Piloto Comercial","author":"adfschool","date":"octubre 22, 2025","format":false,"excerpt":"\ud83c\udf0d\u2708\ufe0f Aterrizamos en Guayaquil, Ecuador Tu primer paso para alcanzar el sue\u00f1o de volar! \ud83d\udccd Charla Presencial \u2013 Noviembre 15 \u2013 10:00 a.m.ADF Flight School, con m\u00e1s de 40 a\u00f1os de experiencia formando pilotos comerciales en todo el mundo, llega a Guayaquil para una charla presencial exclusiva donde conocer\u00e1s todo\u2026","rel":"","context":"Entrada similar","block_context":{"text":"Entrada similar","link":""},"img":{"alt_text":"","src":"https:\/\/i0.wp.com\/adfairways.net\/wp-content\/uploads\/2025\/10\/Guayaquil-Ecuador-1080x1080-1.jpg?resize=350%2C200&ssl=1","width":350,"height":200,"srcset":"https:\/\/i0.wp.com\/adfairways.net\/wp-content\/uploads\/2025\/10\/Guayaquil-Ecuador-1080x1080-1.jpg?resize=350%2C200&ssl=1 1x, https:\/\/i0.wp.com\/adfairways.net\/wp-content\/uploads\/2025\/10\/Guayaquil-Ecuador-1080x1080-1.jpg?resize=525%2C300&ssl=1 1.5x, https:\/\/i0.wp.com\/adfairways.net\/wp-content\/uploads\/2025\/10\/Guayaquil-Ecuador-1080x1080-1.jpg?resize=700%2C400&ssl=1 2x, https:\/\/i0.wp.com\/adfairways.net\/wp-content\/uploads\/2025\/10\/Guayaquil-Ecuador-1080x1080-1.jpg?resize=1050%2C600&ssl=1 3x"},"classes":[]},{"id":41179,"url":"https:\/\/adfairways.net\/es\/charla-presencial-cuenca-ecuador\/","url_meta":{"origin":43224,"position":5},"title":"Charla presencial | Cuenca, Ecuador 17 mayo","author":"adfschool","date":"abril 10, 2025","format":false,"excerpt":"\u2708\ufe0f \u00a1ADF Flight School aterriza en Cuenca! \u2708\ufe0f \u00bfEst\u00e1s en Cuenca, Ecuador y sue\u00f1as con convertirte en piloto comercial? \u00a1Este evento es para ti! \u00bfEst\u00e1s listo para despegar hacia tu futuro como piloto comercial? Esta es tu oportunidad para conocer ADF Flight School, una prestigiosa escuela de aviaci\u00f3n ubicada en\u2026","rel":"","context":"Entrada similar","block_context":{"text":"Entrada similar","link":""},"img":{"alt_text":"Charla presencial Cuenca, Ecuador","src":"https:\/\/i0.wp.com\/adfairways.net\/wp-content\/uploads\/2025\/04\/Cuenca-Ecuador-1080x1080-1.jpg?resize=350%2C200&ssl=1","width":350,"height":200,"srcset":"https:\/\/i0.wp.com\/adfairways.net\/wp-content\/uploads\/2025\/04\/Cuenca-Ecuador-1080x1080-1.jpg?resize=350%2C200&ssl=1 1x, https:\/\/i0.wp.com\/adfairways.net\/wp-content\/uploads\/2025\/04\/Cuenca-Ecuador-1080x1080-1.jpg?resize=525%2C300&ssl=1 1.5x, https:\/\/i0.wp.com\/adfairways.net\/wp-content\/uploads\/2025\/04\/Cuenca-Ecuador-1080x1080-1.jpg?resize=700%2C400&ssl=1 2x, https:\/\/i0.wp.com\/adfairways.net\/wp-content\/uploads\/2025\/04\/Cuenca-Ecuador-1080x1080-1.jpg?resize=1050%2C600&ssl=1 3x"},"classes":[]}],"jetpack_sharing_enabled":true,"_links":{"self":[{"href":"https:\/\/adfairways.net\/es\/wp-json\/wp\/v2\/pages\/43224","targetHints":{"allow":["GET"]}}],"collection":[{"href":"https:\/\/adfairways.net\/es\/wp-json\/wp\/v2\/pages"}],"about":[{"href":"https:\/\/adfairways.net\/es\/wp-json\/wp\/v2\/types\/page"}],"author":[{"embeddable":true,"href":"https:\/\/adfairways.net\/es\/wp-json\/wp\/v2\/users\/1"}],"replies":[{"embeddable":true,"href":"https:\/\/adfairways.net\/es\/wp-json\/wp\/v2\/comments?post=43224"}],"version-history":[{"count":7,"href":"https:\/\/adfairways.net\/es\/wp-json\/wp\/v2\/pages\/43224\/revisions"}],"predecessor-version":[{"id":43236,"href":"https:\/\/adfairways.net\/es\/wp-json\/wp\/v2\/pages\/43224\/revisions\/43236"}],"wp:featuredmedia":[{"embeddable":true,"href":"https:\/\/adfairways.net\/es\/wp-json\/wp\/v2\/media\/43225"}],"wp:attachment":[{"href":"https:\/\/adfairways.net\/es\/wp-json\/wp\/v2\/media?parent=43224"}],"curies":[{"name":"wp","href":"https:\/\/api.w.org\/{rel}","templated":true}]}}